{"id":60,"date":"2016-11-21T14:32:37","date_gmt":"2016-11-21T13:32:37","guid":{"rendered":"http:\/\/www.elpuenterojo.es\/?page_id=60"},"modified":"2025-10-13T20:45:39","modified_gmt":"2025-10-13T18:45:39","slug":"quienes-somos","status":"publish","type":"page","link":"https:\/\/www.elpuenterojo.es\/index.php\/quienes-somos\/","title":{"rendered":"Cr\u00e9ditos"},"content":{"rendered":"<p>\u00abEl puente rojo\u00bb es una publicaci\u00f3n no comercial, electr\u00f3nica e independiente. Nacida en el a\u00f1o 2017, ligada a la docencia del guion cinematogr\u00e1fico, en los estudios de grado de la Universidad Complutense de Madrid, hoy se mantiene, junto a su archivo, con la filosof\u00eda de un blog personal, con el objetivo de contribuir a la reflexi\u00f3n y an\u00e1lisis de la actividad audiovisual en el mundo contempor\u00e1neo. Su \u00fanico objetivo es la divulgaci\u00f3n cultural para la docencia y la investigaci\u00f3n. No admite publicidad ni ninguno otro procedimiento que pueda representar, ni directa ni indirectamente, un inter\u00e9s comercial o \u00e1nimo de lucro.<\/p>\n<p><strong>Editor:\u00a0<\/strong><\/p>\n<p><a href=\"https:\/\/www.ucm.es\/garciaserrano\" target=\"_blank\" rel=\"noopener noreferrer\">Federico Garc\u00eda Serrano<\/a><\/p>\n<p><strong>Colaboraron en su construcci\u00f3n:<\/strong><\/p>\n<ul>\n<li><a href=\"https:\/\/www.elpuenterojo.es\/wp-content\/uploads\/2016\/11\/CV-LEDA-ARTAVIA-1-1.pdf\" target=\"_blank\" rel=\"noopener noreferrer\">Leda Artavia Rojas<\/a><\/li>\n<li><a href=\"https:\/\/www.elpuenterojo.es\/wp-content\/uploads\/2016\/11\/NATALIA-MONSEGUR-BORENSZTEJN-publicar.pdf\" target=\"_blank\" rel=\"noopener noreferrer\">Natalia Monsegur Borensztejn<\/a><\/li>\n<li><a href=\"https:\/\/www.elpuenterojo.es\/wp-content\/uploads\/2016\/11\/Joanna-Bardzinska-CV.pdf\" target=\"_blank\" rel=\"noopener noreferrer\">Joanna Bardzinska <\/a><\/li>\n<li><a href=\"https:\/\/www.elpuenterojo.es\/wp-content\/uploads\/2016\/11\/Claudia-L\u00f3pez-Fr\u00edas.pdf\" target=\"_blank\" rel=\"noopener noreferrer\">Claudia L\u00f3pez Fr\u00edas<\/a><\/li>\n<li><a href=\"https:\/\/www.elpuenterojo.es\/wp-content\/uploads\/2016\/11\/Marta-Garc\u00eda-Sahag\u00fan.pdf\" target=\"_blank\" rel=\"noopener noreferrer\">Marta Garc\u00eda Sahag\u00fan<\/a><\/li>\n<li><a href=\"https:\/\/www.elpuenterojo.es\/wp-content\/uploads\/2016\/11\/Luis-Deltell-Escolar.pdf\" target=\"_blank\" rel=\"noopener noreferrer\">Luis Deltell Escolar<\/a><\/li>\n<li><a href=\"https:\/\/www.elpuenterojo.es\/wp-content\/uploads\/2016\/11\/N\u00e9stor-Juez-Rojo.pdf\" target=\"_blank\" rel=\"noopener\">N\u00e9stor Juez Rojo<\/a><\/li>\n<li><a href=\"https:\/\/www.elpuenterojo.es\/wp-content\/uploads\/2018\/03\/CURRICULUM-VITAE-brenda-para-el-puente-rojo.pdf\" target=\"_blank\" rel=\"noopener\">Brenda B\u00e1scones Cornejo<\/a><\/li>\n<li><a href=\"https:\/\/www.elpuenterojo.es\/wp-content\/uploads\/2019\/02\/jorge-de-paz-pati\u00f1o.-colaboradores.pdf\" target=\"_blank\" rel=\"noopener\">Jorge de Paz Pati\u00f1o.<\/a><\/li>\n<\/ul>\n<p><strong>Construcci\u00f3n y mantenimiento de la web:<\/strong><\/p>\n<p>Daniel Alonso<\/p>\n<p>________________________________________________________<\/p>\n<p style=\"text-align: center;\"><strong style=\"font-family: 'DM Serif Display', serif; text-transform: uppercase;\" data-start=\"187\" data-end=\"226\">INFORMACI\u00d3N legal\u00a0<\/strong><\/p>\n<blockquote data-start=\"228\" data-end=\"878\">\n<p data-start=\"230\" data-end=\"483\">En esta p\u00e1gina web de cr\u00edtica y an\u00e1lisis cinematogr\u00e1fico se reproducen, a baja resoluci\u00f3n y con finalidad estrictamente ilustrativa, im\u00e1genes de carteles y fotogramas de pel\u00edculas. Dichas reproducciones se realizan con el \u00fanico prop\u00f3sito de identificar, contextualizar y apoyar los comentarios, valoraciones y an\u00e1lisis publicados, sin \u00e1nimo comercial y citando expresamente su procedencia y autor\u00eda, en la medida que \u00e9sta sea conocida. Por tanto, se utilizan exclusivamente con <strong data-start=\"362\" data-end=\"410\">fines informativos, culturales y de an\u00e1lisis<\/strong>, de acuerdo con el art\u00edculo 32 de la <strong data-start=\"448\" data-end=\"480\">Ley de Propiedad Intelectual <\/strong>que regula el derecho de cita.<\/p>\n<p data-start=\"230\" data-end=\"483\">Se ha tratado de limitar su uso al m\u00ednimo necesario para la finalidad informativa, cr\u00edtica o investigadora. En ning\u00fan caso estas im\u00e1genes se utilizan con prop\u00f3sitos comerciales, ni se pretende atentar contra los intereses leg\u00edtimos de los titulares de derechos de autor.<\/p>\n<p data-start=\"490\" data-end=\"565\">No existe <strong data-start=\"500\" data-end=\"518\">\u00e1nimo de lucro<\/strong> ni de explotaci\u00f3n comercial de dichas im\u00e1genes.<\/p>\n<p data-start=\"497\" data-end=\"673\">Respecto a los textos, rese\u00f1as, art\u00edculos y dem\u00e1s contenidos firmados o identificados con el nombre de sus autores son <strong data-start=\"615\" data-end=\"670\">propiedad intelectual exclusiva de cada colaborador<\/strong>. Su publicaci\u00f3n en este sitio web se realiza con el <strong data-start=\"731\" data-end=\"764\">consentimiento de los autores<\/strong> y \u00fanicamente para los fines <strong data-start=\"789\" data-end=\"830\">culturales, informativos o educativos <\/strong>de esta publicaci\u00f3n, sin recibir por ello remuneraci\u00f3n ni contraprestaci\u00f3n econ\u00f3mica alguna.<\/p>\n<p data-start=\"860\" data-end=\"982\">Queda <strong data-start=\"866\" data-end=\"924\">prohibida su reproducci\u00f3n, distribuci\u00f3n o modificaci\u00f3n<\/strong> sin la autorizaci\u00f3n expresa de los respectivos autores.<\/p>\n<p data-start=\"989\" data-end=\"1144\">Los colaboradores conservan todos sus <strong data-start=\"1027\" data-end=\"1063\">derechos morales y patrimoniales<\/strong> sobre sus obras, conforme a lo dispuesto en la <strong data-start=\"1111\" data-end=\"1143\">Ley de Propiedad Intelectual<\/strong>.<\/p>\n<p data-start=\"709\" data-end=\"878\">Si alg\u00fan titular de derechos considera que la presencia de alguna imagen vulnera sus derechos o resulta err\u00f3nea o inadecuada, rogamos se ponga en contacto con la administraci\u00f3n del sitio para solicitar su retirada o revisi\u00f3n.\u00a0<\/p>\n<p style=\"text-align: center;\" data-start=\"709\" data-end=\"878\"><a href=\"mailto:contacto@elpuenterojo.es\" rel=\"noopener\"><strong>CONTACTO<\/strong><\/a><\/p>\n<p style=\"text-align: center;\" data-start=\"709\" data-end=\"878\">contacto@elpuenterojo.es<\/p>\n<p style=\"text-align: center;\" data-start=\"709\" data-end=\"878\">____________________________________________<\/p>\n<\/blockquote>\n<h6 style=\"text-align: center;\"><img loading=\"lazy\" decoding=\"async\" class=\"alignnone wp-image-583\" src=\"https:\/\/www.elpuenterojo.es\/wp-content\/uploads\/2017\/01\/ojo-spoiler-copiar.jpg\" alt=\"\" width=\"53\" height=\"46\" \/><\/h6>\n<p style=\"text-align: center;\">\u00a0Icono de advertencia de posible spolier, elaborado sobre un ojo de Freepik Flaticon Basic License http:\/\/www.freepik.es\/.<\/p>\n<p style=\"text-align: center;\">La foto de portada original del sitio (2017), procede del Ch\u00e2teau De la Bourdaisi\u00e8re, en MontLouis sur Loire, Exposici\u00f3n de jardines (autor desconocido)<\/p>\n<p style=\"text-align: center;\">____________________________________________________________<\/p>\n\n\n<figure class=\"wp-block-image aligncenter size-full\"><img loading=\"lazy\" decoding=\"async\" width=\"403\" height=\"141\" src=\"https:\/\/www.elpuenterojo.es\/wp-content\/uploads\/2025\/10\/licencia-creative-commons-by-nc-sa.png\" alt=\"\" class=\"wp-image-2793\" srcset=\"https:\/\/www.elpuenterojo.es\/wp-content\/uploads\/2025\/10\/licencia-creative-commons-by-nc-sa.png 403w, https:\/\/www.elpuenterojo.es\/wp-content\/uploads\/2025\/10\/licencia-creative-commons-by-nc-sa-300x105.png 300w\" sizes=\"auto, (max-width: 403px) 100vw, 403px\" \/><\/figure>\n\n\n\n<p><\/p>\n","protected":false},"excerpt":{"rendered":"<p>\u00abEl puente rojo\u00bb es una publicaci\u00f3n no comercial, electr\u00f3nica e independiente. Nacida en el a\u00f1o 2017, ligada a la docencia del guion cinematogr\u00e1fico, en los estudios de grado de la Universidad Complutense de Madrid, hoy se mantiene, junto a su archivo, con la filosof\u00eda de un blog personal, con el objetivo de contribuir a la&#8230;<\/p>\n","protected":false},"author":1,"featured_media":0,"parent":0,"menu_order":0,"comment_status":"closed","ping_status":"closed","template":"","meta":{"footnotes":""},"class_list":["post-60","page","type-page","status-publish","hentry"],"_links":{"self":[{"href":"https:\/\/www.elpuenterojo.es\/index.php\/wp-json\/wp\/v2\/pages\/60","targetHints":{"allow":["GET"]}}],"collection":[{"href":"https:\/\/www.elpuenterojo.es\/index.php\/wp-json\/wp\/v2\/pages"}],"about":[{"href":"https:\/\/www.elpuenterojo.es\/index.php\/wp-json\/wp\/v2\/types\/page"}],"author":[{"embeddable":true,"href":"https:\/\/www.elpuenterojo.es\/index.php\/wp-json\/wp\/v2\/users\/1"}],"replies":[{"embeddable":true,"href":"https:\/\/www.elpuenterojo.es\/index.php\/wp-json\/wp\/v2\/comments?post=60"}],"version-history":[{"count":76,"href":"https:\/\/www.elpuenterojo.es\/index.php\/wp-json\/wp\/v2\/pages\/60\/revisions"}],"predecessor-version":[{"id":2815,"href":"https:\/\/www.elpuenterojo.es\/index.php\/wp-json\/wp\/v2\/pages\/60\/revisions\/2815"}],"wp:attachment":[{"href":"https:\/\/www.elpuenterojo.es\/index.php\/wp-json\/wp\/v2\/media?parent=60"}],"curies":[{"name":"wp","href":"https:\/\/api.w.org\/{rel}","templated":true}]}}